{"id":621,"date":"2018-05-06T06:51:06","date_gmt":"2018-05-06T05:51:06","guid":{"rendered":"http:\/\/www.lafumacienne.be\/?page_id=621"},"modified":"2025-10-22T16:57:17","modified_gmt":"2025-10-22T15:57:17","slug":"bienvenue-a-la-fumacienne","status":"publish","type":"page","link":"https:\/\/www.lafumacienne.com\/","title":{"rendered":"Bienvenue"},"content":{"rendered":"\n<p><\/p>\n\n\n<p style=\"text-align: center;\"><a href=\"https:\/\/www.lafumacienne.com\/wp-content\/uploads\/2021\/02\/DSC_0780.jpg\"><img loading=\"lazy\" decoding=\"async\" class=\"alignnone size-large wp-image-826\" src=\"https:\/\/www.lafumacienne.com\/wp-content\/uploads\/2021\/02\/DSC_0780-1024x680.jpg\" alt=\"\" width=\"750\" height=\"498\" srcset=\"https:\/\/www.lafumacienne.com\/wp-content\/uploads\/2021\/02\/DSC_0780-1024x680.jpg 1024w, https:\/\/www.lafumacienne.com\/wp-content\/uploads\/2021\/02\/DSC_0780-300x199.jpg 300w, https:\/\/www.lafumacienne.com\/wp-content\/uploads\/2021\/02\/DSC_0780-768x510.jpg 768w, https:\/\/www.lafumacienne.com\/wp-content\/uploads\/2021\/02\/DSC_0780-1536x1020.jpg 1536w, https:\/\/www.lafumacienne.com\/wp-content\/uploads\/2021\/02\/DSC_0780-1568x1042.jpg 1568w, https:\/\/www.lafumacienne.com\/wp-content\/uploads\/2021\/02\/DSC_0780.jpg 1600w\" sizes=\"auto, (max-width: 750px) 100vw, 750px\" \/><\/a><\/p>\n<p>Envie d&#8217;un weekend de d\u00e9tente ou d&#8217;une semaine de vacances dans les Ardennes fran\u00e7aises tout pr\u00e8s de la fronti\u00e8re belge? Proche de Givet se trouve notre spacieuse et confortable maison de vacances &#8221; La Fumacienne&#8221; \u00e0 moins de 20 m\u00e8tres de la Meuse.<\/p>\n<p style=\"text-align: center;\"><a href=\"https:\/\/www.lafumacienne.com\/wp-content\/uploads\/2024\/07\/9C20CC3A-AA0A-47C3-9560-D56201881822-3.jpeg\"><img loading=\"lazy\" decoding=\"async\" class=\"alignnone size-large wp-image-1143\" src=\"https:\/\/www.lafumacienne.com\/wp-content\/uploads\/2024\/07\/9C20CC3A-AA0A-47C3-9560-D56201881822-3-1024x768.jpeg\" alt=\"\" width=\"750\" height=\"563\" srcset=\"https:\/\/www.lafumacienne.com\/wp-content\/uploads\/2024\/07\/9C20CC3A-AA0A-47C3-9560-D56201881822-3-1024x768.jpeg 1024w, https:\/\/www.lafumacienne.com\/wp-content\/uploads\/2024\/07\/9C20CC3A-AA0A-47C3-9560-D56201881822-3-300x225.jpeg 300w, https:\/\/www.lafumacienne.com\/wp-content\/uploads\/2024\/07\/9C20CC3A-AA0A-47C3-9560-D56201881822-3-768x576.jpeg 768w, https:\/\/www.lafumacienne.com\/wp-content\/uploads\/2024\/07\/9C20CC3A-AA0A-47C3-9560-D56201881822-3-1536x1152.jpeg 1536w, https:\/\/www.lafumacienne.com\/wp-content\/uploads\/2024\/07\/9C20CC3A-AA0A-47C3-9560-D56201881822-3-1568x1176.jpeg 1568w, https:\/\/www.lafumacienne.com\/wp-content\/uploads\/2024\/07\/9C20CC3A-AA0A-47C3-9560-D56201881822-3.jpeg 2016w\" sizes=\"auto, (max-width: 750px) 100vw, 750px\" \/><\/a><\/p>\n<p style=\"text-align: left;\">\u2013 5 chambres \u00e0 coucher pour un maximum de 10 personnes<br \/>&#8211; 1 salle de bain (avec douche)au premier \u00e9tage<br \/>&#8211; 1 salle d&#8217;eau en suite au premier \u00e9tage <br \/>&#8211; 1 salle d&#8217;eau en suite au\u00a0r\u00e9z-de-chauss\u00e9e<br \/>\u2013 grand salon et salle \u00e0 manger s\u00e9par\u00e9s<br \/>\u2013 cuisine enti\u00e8rement \u00e9quip\u00e9e<br \/>\u2013 vestiaire<\/p>\n<p><a href=\"https:\/\/www.lafumacienne.com\/wp-content\/uploads\/2024\/07\/C7CB7183-C746-4A14-A819-665F760FD734-3.jpeg\"><img loading=\"lazy\" decoding=\"async\" class=\"alignnone size-large wp-image-1144\" src=\"https:\/\/www.lafumacienne.com\/wp-content\/uploads\/2024\/07\/C7CB7183-C746-4A14-A819-665F760FD734-3-1024x768.jpeg\" alt=\"\" width=\"750\" height=\"563\" srcset=\"https:\/\/www.lafumacienne.com\/wp-content\/uploads\/2024\/07\/C7CB7183-C746-4A14-A819-665F760FD734-3-1024x768.jpeg 1024w, https:\/\/www.lafumacienne.com\/wp-content\/uploads\/2024\/07\/C7CB7183-C746-4A14-A819-665F760FD734-3-300x225.jpeg 300w, https:\/\/www.lafumacienne.com\/wp-content\/uploads\/2024\/07\/C7CB7183-C746-4A14-A819-665F760FD734-3-768x576.jpeg 768w, https:\/\/www.lafumacienne.com\/wp-content\/uploads\/2024\/07\/C7CB7183-C746-4A14-A819-665F760FD734-3-1536x1152.jpeg 1536w, https:\/\/www.lafumacienne.com\/wp-content\/uploads\/2024\/07\/C7CB7183-C746-4A14-A819-665F760FD734-3-1568x1176.jpeg 1568w, https:\/\/www.lafumacienne.com\/wp-content\/uploads\/2024\/07\/C7CB7183-C746-4A14-A819-665F760FD734-3.jpeg 2016w\" sizes=\"auto, (max-width: 750px) 100vw, 750px\" \/><\/a><\/p>\n<p>\u2013 grande terrasse derri\u00e8re la maison<br \/>\u2013 jardin clos<br \/>\u2013 &#8216;une maisonnette&#8217; dans le jardin pour mettre les v\u00e9los en s\u00e9curit\u00e9 \u00a0 \u00a0 \u00a0 \u00a0 \u00a0\u00a0<\/p>\n<p><a href=\"https:\/\/www.lafumacienne.com\/wp-content\/uploads\/2024\/07\/B728C420-9C14-4AB5-B8D8-F637DDFBD3C1-scaled.jpeg\"><img loading=\"lazy\" decoding=\"async\" class=\"alignnone size-large wp-image-1145\" src=\"https:\/\/www.lafumacienne.com\/wp-content\/uploads\/2024\/07\/B728C420-9C14-4AB5-B8D8-F637DDFBD3C1-1024x680.jpeg\" alt=\"\" width=\"750\" height=\"498\" srcset=\"https:\/\/www.lafumacienne.com\/wp-content\/uploads\/2024\/07\/B728C420-9C14-4AB5-B8D8-F637DDFBD3C1-1024x680.jpeg 1024w, https:\/\/www.lafumacienne.com\/wp-content\/uploads\/2024\/07\/B728C420-9C14-4AB5-B8D8-F637DDFBD3C1-300x199.jpeg 300w, https:\/\/www.lafumacienne.com\/wp-content\/uploads\/2024\/07\/B728C420-9C14-4AB5-B8D8-F637DDFBD3C1-768x510.jpeg 768w, https:\/\/www.lafumacienne.com\/wp-content\/uploads\/2024\/07\/B728C420-9C14-4AB5-B8D8-F637DDFBD3C1-1536x1020.jpeg 1536w, https:\/\/www.lafumacienne.com\/wp-content\/uploads\/2024\/07\/B728C420-9C14-4AB5-B8D8-F637DDFBD3C1-2048x1360.jpeg 2048w, https:\/\/www.lafumacienne.com\/wp-content\/uploads\/2024\/07\/B728C420-9C14-4AB5-B8D8-F637DDFBD3C1-1568x1041.jpeg 1568w\" sizes=\"auto, (max-width: 750px) 100vw, 750px\" \/><\/a><\/p>\n<p>\u2013 la maison se trouve dans la zone prot\u00e9g\u00e9e du ch\u00e2teau en face<br \/>\u2013 boulangers et boucher dans le village<br \/>\u2013 Carrefour et Aldi dans le village pour les courses<br \/>\u2013 restaurant et pizzeria tout pr\u00e8s sur la grande place<\/p>\n<p><a href=\"http:\/\/www.lafumacienne.com\/wp-content\/uploads\/2015\/01\/chambre-1bis.jpg\" rel=\"attachment wp-att-353\"><img loading=\"lazy\" decoding=\"async\" src=\"https:\/\/www.lafumacienne.com\/wp-content\/uploads\/2015\/01\/chambre-1bis-1024x683.jpg\" alt=\"chambre 1bis\" width=\"750\" height=\"500\" \/><\/a><\/p>\n<p style=\"text-align: left;\">\u2013 situ\u00e9e dans une des plus belles r\u00e9gions des Ardennes fran\u00e7aises<br \/>\u2013 possibilit\u00e9 de louer et conduire son propre bateau \u00e0 Haybes,<br \/>\u00a0 \u00a0 Givet ou Montherm\u00e9<br \/>\u2013 se promener, faire du VTT ou du cyclisme sur la Voie Verte<br \/>\u00a0 \u00a0(40 km \u00e0 parcourir dans les deux sens pour un plaisir illimit\u00e9)<br \/>\u2013 pour ceux qui aiment l&#8217;aventure il y a &#8216;Terre Altitude&#8217; avec la<br \/>\u00a0 \u00a0possibilit\u00e9 de faire de\u00a0\u00a0l&#8217;escalade ou oser le &#8216;Death Ride&#8217;<br \/>\u00a0 \u00a0(<a href=\"https:\/\/www.terraltitude.com\">www.terraltitude.com<\/a>)<br \/>\u2013 pour les enfants le merveilleux<span style=\"color: #000000;\"> Elfy<\/span> Park \u00e0 Les Mazures tout proche<br \/>\u00a0 \u00a0du \u00a0Lac des Veilles Forges lieu id\u00e9al pour une baignade ou une<br \/>\u00a0 \u00a0promenade.<\/p>\n<p style=\"text-align: left;\">Si vous souhaitez plus d&#8217;information ou si vous voulez une r\u00e9servation n&#8217;h\u00e9sitez pas \u00e0 nous contacter par t\u00e9l. au n\u00b0 <span style=\"color: #333399;\"> 00 32 475 29 21 91<\/span> ou par courriel <span style=\"color: #333399;\"><a style=\"color: #333399;\" href=\"mailto:yves.putman@gmail.com\">yves.putman@gmail.com<\/a>.<\/span><\/p>\n<p>Vous voulez confirmer votre r\u00e9servation? Contactez- nous par e-mail en sp\u00e9cifiant si vous d\u00e9sirez r\u00e9server pour un weekend, un long weekend, une mi-semaine ou semaine. V\u00e9rifiez <a href=\"http:\/\/www.lafumacienne.com\/prijzen-en-beschikbaarheid\/?lang=fr\"><span style=\"color: #ff0000;\">Disponibilit\u00e9<\/span> <\/a>pour \u00eatre sur que la maison est libre dans la p\u00e9riode souhait\u00e9e.<\/p>\n<p><span style=\"font-size: large;\"><b>Description d\u00e9taill\u00e9e<\/b><\/span><\/p>\n<table style=\"height: 826px;\" width=\"639\" cellspacing=\"0\" cellpadding=\"0\"><colgroup> <col width=\"632\" \/> <col width=\"10\" \/> <\/colgroup>\n<tbody>\n<tr>\n<td width=\"632\">\n<table style=\"height: 577px;\" width=\"589\" cellspacing=\"0\" cellpadding=\"0\"><colgroup> <col width=\"132\" \/> <col width=\"500\" \/> <\/colgroup>\n<tbody>\n<tr>\n<td valign=\"top\" width=\"132\"><strong>Surface habitable<\/strong><\/td>\n<td width=\"500\">247 m\u00b2<\/td>\n<\/tr>\n<tr>\n<td valign=\"top\" width=\"132\"><strong>Surface totale<\/strong><\/td>\n<td width=\"500\">651 m\u00b2<\/td>\n<\/tr>\n<tr>\n<td valign=\"top\" width=\"132\"><strong>Chambres<\/strong><\/td>\n<td style=\"text-align: left;\" width=\"500\"><span style=\"text-decoration: underline;\">5 chambres \u00e0 coucher pour 10 personnes dont:\u00a0<\/span><br \/>-3 chambres avec grand lit double de 180cm \u00a0 \u00a0 \u00a0avec\u00a0matelas \u00e0 ressorts<br \/>-1 chambre avec grand lit double de 180cm avec matelas \u00e0 ressorts<br \/>-1 chambre avec deux lits simples de 90cm \u00a0 \u00a0 \u00a0 \u00a0 \u00a0 -aussi disponible: un lit d&#8217;enfant &lt;6ans \u00a0 \u00a0 \u00a0 \u00a0 \u00a0 \u00a0 \u00a0 \u00a0 \u00a0 \u00a0 \u00a0 \u00a0 \u00a0 \u00a0 \u00a0 \u00a0 \u00a0 \u00a0 \u00a0 \u00a0 \u00a0 \u00a0 \u00a0 \u00a0 \u00a0 \u00a0 \u00a0 un lit b\u00e9b\u00e9 &lt;3ans<\/td>\n<\/tr>\n<tr>\n<td valign=\"top\" width=\"132\"><strong>B\u00e2timent<\/strong><\/td>\n<td width=\"500\">Maison de ma\u00eetre \u00e0 deux \u00e9tages<\/td>\n<\/tr>\n<tr>\n<td valign=\"top\" width=\"132\"><strong>Chauffage<\/strong><\/td>\n<td width=\"500\">Chauffage centrale \u00e0 gaz dans toute la maison<\/td>\n<\/tr>\n<tr>\n<td valign=\"top\" width=\"132\"><strong>Rev\u00eatement de sol<\/strong><\/td>\n<td width=\"500\">Carrelage dans le couloir et la cuisine et hall. \u00a0 \u00a0 \u00a0 Partout ailleurs du parquet.<\/td>\n<\/tr>\n<tr>\n<td valign=\"top\" width=\"132\">\u00a0<\/td>\n<td width=\"500\">\u00a0<\/td>\n<\/tr>\n<tr>\n<td valign=\"top\" width=\"132\"><strong>D\u00e9coration<\/strong><\/td>\n<td width=\"500\"><a name=\"ctl07_ctl00_TRArrivalTime\"><\/a>Meubilaire classique et confortable<\/td>\n<\/tr>\n<tr>\n<td valign=\"top\" width=\"132\"><strong>Arriv\u00e9e<\/strong><\/td>\n<td width=\"500\"><a name=\"ctl07_ctl00_TRPostTime\"><\/a>16H-18H.<\/td>\n<\/tr>\n<tr>\n<td valign=\"top\" width=\"132\"><strong>D\u00e9part<\/strong><\/td>\n<td width=\"500\">10H sauf le dimanche \u00e0 : 12H.<\/td>\n<\/tr>\n<\/tbody>\n<\/table>\n<table style=\"height: 202px;\" width=\"589\" cellspacing=\"0\" cellpadding=\"0\"><colgroup> <col width=\"632\" \/> <\/colgroup>\n<tbody>\n<tr>\n<td width=\"632\"><strong>Composition<\/strong><\/td>\n<\/tr>\n<tr>\n<td width=\"632\"><strong><em>Rez-de -chauss\u00e9e<\/em><\/strong><br \/>Entr\u00e9e spacieuse avec vestiaire s\u00e9par\u00e9e. \u00a0 \u00a0 \u00a0 \u00a0 \u00a0 \u00a0 \u00a0 \u00a0 \u00a0 \u00a0 \u00a0 \u00a0 \u00a0 \u00a0 \u00a0 \u00a0 \u00a0 \u00a0 \u00a0 <strong>Grand s\u00e9jour<\/strong> avec fauteuils pour 10 personnes. Cha\u00eene Hi-Fi, lecteur DVD et T\u00e9l\u00e9viseur \u00e9cran plat.<br \/><strong>Salle \u00e0 manger<\/strong> s\u00e9par\u00e9e avec table pour 10 personnes.<br \/>1 chambre \u00e0 coucher (lit de 180cm) au rez-de-chauss\u00e9e avec salle de bain et toilette s\u00e9par\u00e9e.<br \/><strong>Cuisine<\/strong> \u00e9quip\u00e9e avec lave-vaisselle, four \u00e0 micro-ondes et combi r\u00e9frig\u00e9rateur-cong\u00e9lateur. Lave-linge \u00e0 l&#8217;entr\u00e9e de la cave+ s\u00e8che-linge dans la cave. Deuxi\u00e8me \u00a0grand frigo dans la petite maisonnette dans le jardin.<br \/>Une grande maisonnette avec 10 chaises de jardin et emplacement pour bicyclettes. \u00a0 \u00a0 \u00a0 \u00a0 \u00a0 \u00a0 \u00a0 \u00a0 \u00a0 \u00a0 \u00a0 \u00a0<br \/><strong><em>Premier Etage<\/em><\/strong><br \/>3 chambres \u00e0 coucher avec lit \u00e0 matelas \u00e0 ressorts \u00a0 \u00a0 \u00a0 \u00a0 \u00a0 \u00a0 \u00a0 \u00a0 \u00a0 \u00a0 \u00a0 \u00a0 \u00a0de 180cm x 200cm<br \/>1 chambre \u00e0 coucher avec deux lits simples de 90cm x 200cm<br \/>1 salle de bain avec douche, bain, lavabo et toilette<br \/>1 salle de bain avec douche, lavabo et toilette<br \/><strong>Conseils pratiques<\/strong>:<br \/>Chaise haute b\u00e9b\u00e9 et chaise d&#8217;enfant \u00e0 disposition .<br \/>Aspirateur, fer et planche \u00e0 repasser.<br \/>Tous les lits sont munis d&#8217;une protection matelas, oreillers et couettes.<br \/><span style=\"color: #ff0000;\"><strong>A amener soi-m\u00eame<\/strong><\/span>: couvertures couettes 240cm de large, draps de housse (chambre 1 au r-d-ch 180 cm), premier \u00e9tage chambre 2, 3 et 4 180 cm, chambre 5 (2x 90 cm), taies d&#8217;oreiller, linge de maison et serviettes de bain. \u00a0 \u00a0 \u00a0 \u00a0 \u00a0 \u00a0 \u00a0 \u00a0 \u00a0 \u00a0 \u00a0 \u00a0 \u00a0 \u00a0 \u00a0 \u00a0 \u00a0 \u00a0 <span style=\"text-decoration: underline;\">Possibilit\u00e9 de louer le linge de lit<\/span>.<br \/>Animaux non admis.<br \/>Location non-fumeur.<br \/><strong>Equipement cuisine<\/strong><br \/>Four \u00e9lectrique, magn\u00e9tron, table de cuisson \u00e0 gaz, combi r\u00e9frig\u00e9rateur et cong\u00e9lateur, hotte aspirante, lave vaisselle, grille-pain, cafeti\u00e8re, Nespresso et vaisselle compl\u00e8te.<br \/><strong>Jardin, terrasse et parking<\/strong><br \/>Jardin de 450 m2 avec pelouse.<br \/>Salon de jardin avec 10 chaises, un banc et deux parasols<br \/>Barbecue \u00e0 charbon et Plancha \u00e0 gaz.<br \/>Grand parking gratuit en face.<br \/><strong>Media<\/strong><br \/>T\u00e9l\u00e9viseur \u00e0 \u00e9cran plat (Netflix inclus)<br \/>Wifi gratuit dans toutes les chambres<\/td>\n<\/tr>\n<\/tbody>\n<\/table>\n<\/td>\n<\/tr>\n<\/tbody>\n<\/table>","protected":false},"excerpt":{"rendered":"<p>Envie d&#8217;un weekend de d\u00e9tente ou d&#8217;une semaine de vacances dans les Ardennes fran\u00e7aises tout pr\u00e8s de la fronti\u00e8re belge? Proche de Givet se trouve notre spacieuse et confortable maison de vacances &#8221; La Fumacienne&#8221; \u00e0 moins de 20 m\u00e8tres de la Meuse. \u2013 5 chambres \u00e0 coucher pour un maximum de 10 personnes&#8211; 1&hellip; <a class=\"more-link\" href=\"https:\/\/www.lafumacienne.com\/\">Lees verder <span class=\"screen-reader-text\">Bienvenue<\/span><\/a><\/p>\n","protected":false},"author":1,"featured_media":0,"parent":0,"menu_order":0,"comment_status":"closed","ping_status":"closed","template":"","meta":{"footnotes":""},"class_list":["post-621","page","type-page","status-publish","hentry","entry"],"_links":{"self":[{"href":"https:\/\/www.lafumacienne.com\/index.php?rest_route=\/wp\/v2\/pages\/621","targetHints":{"allow":["GET"]}}],"collection":[{"href":"https:\/\/www.lafumacienne.com\/index.php?rest_route=\/wp\/v2\/pages"}],"about":[{"href":"https:\/\/www.lafumacienne.com\/index.php?rest_route=\/wp\/v2\/types\/page"}],"author":[{"embeddable":true,"href":"https:\/\/www.lafumacienne.com\/index.php?rest_route=\/wp\/v2\/users\/1"}],"replies":[{"embeddable":true,"href":"https:\/\/www.lafumacienne.com\/index.php?rest_route=%2Fwp%2Fv2%2Fcomments&post=621"}],"version-history":[{"count":82,"href":"https:\/\/www.lafumacienne.com\/index.php?rest_route=\/wp\/v2\/pages\/621\/revisions"}],"predecessor-version":[{"id":1202,"href":"https:\/\/www.lafumacienne.com\/index.php?rest_route=\/wp\/v2\/pages\/621\/revisions\/1202"}],"wp:attachment":[{"href":"https:\/\/www.lafumacienne.com\/index.php?rest_route=%2Fwp%2Fv2%2Fmedia&parent=621"}],"curies":[{"name":"wp","href":"https:\/\/api.w.org\/{rel}","templated":true}]}}